{"id":208,"date":"2023-06-05T08:48:07","date_gmt":"2023-06-05T08:48:07","guid":{"rendered":"https:\/\/www.presseinvestigation.com\/index.php\/home\/"},"modified":"2025-10-20T18:23:09","modified_gmt":"2025-10-20T16:23:09","slug":"home","status":"publish","type":"page","link":"https:\/\/www.presseinvestigation.com\/","title":{"rendered":"Presse Investigation"},"content":{"rendered":"\t\t<div data-elementor-type=\"wp-page\" data-elementor-id=\"208\" class=\"elementor elementor-208\">\n\t\t\t\t\t\t<section class=\"elementor-section elementor-top-section elementor-element elementor-element-a250040 elementor-section-boxed elementor-section-height-default elementor-section-height-default\" data-id=\"a250040\" data-element_type=\"section\" data-e-type=\"section\">\n\t\t\t\t\t\t<div class=\"elementor-container elementor-column-gap-default\">\n\t\t\t\t\t<div class=\"elementor-column elementor-col-100 elementor-top-column elementor-element elementor-element-200a542\" data-id=\"200a542\" data-element_type=\"column\" data-e-type=\"column\">\n\t\t\t<div class=\"elementor-widget-wrap elementor-element-populated\">\n\t\t\t\t\t\t<div class=\"elementor-element elementor-element-1829645 elementor-widget elementor-widget-jnews_slider_1_elementor\" data-id=\"1829645\" data-element_type=\"widget\" data-e-type=\"widget\" data-widget_type=\"jnews_slider_1_elementor.default\">\n\t\t\t\t<div class=\"elementor-widget-container\">\n\t\t\t\t\t<div  class=\"jeg_slider_wrapper jeg_slider_type_1_wrapper jnews_module__0_69f2163f90c2c  \">\n                    <div class=\"jeg_slider_type_1 jeg_slider\" data-autoplay=\"yes\" data-delay=\"3000\" data-hover-action=\"\">\n                        <div class=\"jeg_slide_item\">\n                    \n                    <a href=\"https:\/\/www.presseinvestigation.com\/index.php\/2026\/04\/26\/legislatives-et-communales-du-31-mai-la-dge-fait-des-precisions-sur-les-scrutins\/\" aria-label=\"Read article: L\u00e9gislatives et communales du 31 mai\u00a0: La DGE fait des pr\u00e9cisions sur les scrutins\" class=\"jeg_slide_img\"><div class=\"thumbnail-container  size-500 \"><img fetchpriority=\"high\" decoding=\"async\" width=\"1008\" height=\"570\" src=\"https:\/\/www.presseinvestigation.com\/wp-content\/themes\/jnews\/assets\/img\/jeg-empty.png\" class=\"attachment-jnews-1140x570 size-jnews-1140x570 owl-lazy lazyload\" alt=\"L\u00e9gislatives et communales du 31 mai\u00a0: La DGE fait des pr\u00e9cisions sur les scrutins\" data-src=\"https:\/\/www.presseinvestigation.com\/wp-content\/uploads\/2026\/04\/Screenshot_20260426_125836_Facebook-1008x570.jpg\" \/><\/div><\/a>\n                    <div class=\"jeg_slide_caption\">\n                        <div class=\"jeg_caption_container\">\n                            <div class=\"jeg_post_category\">\n                                <a href=\"https:\/\/www.presseinvestigation.com\/index.php\/category\/actualite\/\" class=\"category-actualite\">Actualit\u00e9<\/a>\n                            <\/div>\n                            <h2 class=\"jeg_post_title\">\n                                <a href=\"https:\/\/www.presseinvestigation.com\/index.php\/2026\/04\/26\/legislatives-et-communales-du-31-mai-la-dge-fait-des-precisions-sur-les-scrutins\/\" >L\u00e9gislatives et communales du 31 mai\u00a0: La DGE fait des pr\u00e9cisions sur les scrutins<\/a>\n                            <\/h2>\n                            <div class=\"jeg_post_meta\"><span class=\"jeg_meta_author\">by <a href=\"https:\/\/www.presseinvestigation.com\/index.php\/author\/toumany\/\">Presseinvestigation.com<\/a><\/span><span class=\"jeg_meta_date\">26 avril 2026<\/span><\/div>\n                        <\/div>\n                    <\/div>\n                <\/div><div class=\"jeg_slide_item\">\n                    \n                    <a href=\"https:\/\/www.presseinvestigation.com\/index.php\/2026\/04\/24\/delation-a-lanaim-le-dg-doit-eviter-le-piege-des-mauvaises-personnes-dans-son-entourage\/\" aria-label=\"Read article: D\u00e9lation \u00e0 l\u2019ANAIM\u00a0: le DG doit \u00e9viter le pi\u00e8ge des mauvaises personnes dans son entourage\" class=\"jeg_slide_img\"><div class=\"thumbnail-container  size-500 \"><img decoding=\"async\" width=\"961\" height=\"570\" src=\"https:\/\/www.presseinvestigation.com\/wp-content\/themes\/jnews\/assets\/img\/jeg-empty.png\" class=\"attachment-jnews-1140x570 size-jnews-1140x570 owl-lazy lazyload\" alt=\"D\u00e9lation \u00e0 l\u2019ANAIM\u00a0: le DG doit \u00e9viter le pi\u00e8ge des mauvaises personnes dans son entourage\" data-src=\"https:\/\/www.presseinvestigation.com\/wp-content\/uploads\/2026\/04\/FB_IMG_1777030586544-961x570.jpg\" \/><\/div><\/a>\n                    <div class=\"jeg_slide_caption\">\n                        <div class=\"jeg_caption_container\">\n                            <div class=\"jeg_post_category\">\n                                <a href=\"https:\/\/www.presseinvestigation.com\/index.php\/category\/pole-actualite-fait-divers\/\" class=\"category-pole-actualite-fait-divers\">P\u00f4le Actualit\u00e9-Analyse<\/a>\n                            <\/div>\n                            <h2 class=\"jeg_post_title\">\n                                <a href=\"https:\/\/www.presseinvestigation.com\/index.php\/2026\/04\/24\/delation-a-lanaim-le-dg-doit-eviter-le-piege-des-mauvaises-personnes-dans-son-entourage\/\" >D\u00e9lation \u00e0 l\u2019ANAIM\u00a0: le DG doit \u00e9viter le pi\u00e8ge des mauvaises personnes dans son entourage<\/a>\n                            <\/h2>\n                            <div class=\"jeg_post_meta\"><span class=\"jeg_meta_author\">by <a href=\"https:\/\/www.presseinvestigation.com\/index.php\/author\/blog_table\/\">Presseinvestigation.com<\/a><\/span><span class=\"jeg_meta_date\">27 avril 2026<\/span><\/div>\n                        <\/div>\n                    <\/div>\n                <\/div><div class=\"jeg_slide_item\">\n                    \n                    <a href=\"https:\/\/www.presseinvestigation.com\/index.php\/2026\/04\/09\/communique-de-presse-un-groupe-juridique-regional-condamne-lagression-dun-de-ses-membres-par-la-police-sierra-leonaise\/\" aria-label=\"Read article: COMMUNIQU\u00c9 DE PRESSE : Un groupe juridique r\u00e9gional condamne l&#8217;agression d&#8217;un de ses membres par la police sierra-l\u00e9onaise\" class=\"jeg_slide_img\"><div class=\"thumbnail-container  size-500 \"><img decoding=\"async\" width=\"1140\" height=\"570\" src=\"https:\/\/www.presseinvestigation.com\/wp-content\/themes\/jnews\/assets\/img\/jeg-empty.png\" class=\"attachment-jnews-1140x570 size-jnews-1140x570 owl-lazy lazyload\" alt=\"COMMUNIQU\u00c9 DE PRESSE : Un groupe juridique r\u00e9gional condamne l&#8217;agression d&#8217;un de ses membres par la police sierra-l\u00e9onaise\" sizes=\"(max-width: 1140px) 100vw, 1140px\" data-src=\"https:\/\/www.presseinvestigation.com\/wp-content\/uploads\/2026\/04\/unnamed-1140x570.png\" \/><\/div><\/a>\n                    <div class=\"jeg_slide_caption\">\n                        <div class=\"jeg_caption_container\">\n                            <div class=\"jeg_post_category\">\n                                <a href=\"https:\/\/www.presseinvestigation.com\/index.php\/category\/afrique\/\" class=\"category-afrique\">Afrique<\/a>\n                            <\/div>\n                            <h2 class=\"jeg_post_title\">\n                                <a href=\"https:\/\/www.presseinvestigation.com\/index.php\/2026\/04\/09\/communique-de-presse-un-groupe-juridique-regional-condamne-lagression-dun-de-ses-membres-par-la-police-sierra-leonaise\/\" >COMMUNIQU\u00c9 DE PRESSE : Un groupe juridique r\u00e9gional condamne l&#8217;agression d&#8217;un de ses membres par la police sierra-l\u00e9onaise<\/a>\n                            <\/h2>\n                            <div class=\"jeg_post_meta\"><span class=\"jeg_meta_author\">by <a href=\"https:\/\/www.presseinvestigation.com\/index.php\/author\/blog_table\/\">Presseinvestigation.com<\/a><\/span><span class=\"jeg_meta_date\">9 avril 2026<\/span><\/div>\n                        <\/div>\n                    <\/div>\n                <\/div><div class=\"jeg_slide_item\">\n                    \n                    <a href=\"https:\/\/www.presseinvestigation.com\/index.php\/2026\/04\/09\/nairobi-le-ministre-guineen-de-lurbanisme-participe-au-2eme-forum-urbain-africain\/\" aria-label=\"Read article: Na\u00efrobi\u00a0: le Ministre Guin\u00e9en de l\u2019urbanisme participe au 2\u00e8me Forum Urbain Africain\" class=\"jeg_slide_img\"><div class=\"thumbnail-container  size-500 \"><img loading=\"lazy\" decoding=\"async\" width=\"1089\" height=\"570\" src=\"https:\/\/www.presseinvestigation.com\/wp-content\/themes\/jnews\/assets\/img\/jeg-empty.png\" class=\"attachment-jnews-1140x570 size-jnews-1140x570 owl-lazy lazyload\" alt=\"Na\u00efrobi\u00a0: le Ministre Guin\u00e9en de l\u2019urbanisme participe au 2\u00e8me Forum Urbain Africain\" data-src=\"https:\/\/www.presseinvestigation.com\/wp-content\/uploads\/2026\/04\/FB_IMG_1775676590584-1089x570.jpg\" \/><\/div><\/a>\n                    <div class=\"jeg_slide_caption\">\n                        <div class=\"jeg_caption_container\">\n                            <div class=\"jeg_post_category\">\n                                <a href=\"https:\/\/www.presseinvestigation.com\/index.php\/category\/actualite\/\" class=\"category-actualite\">Actualit\u00e9<\/a>\n                            <\/div>\n                            <h2 class=\"jeg_post_title\">\n                                <a href=\"https:\/\/www.presseinvestigation.com\/index.php\/2026\/04\/09\/nairobi-le-ministre-guineen-de-lurbanisme-participe-au-2eme-forum-urbain-africain\/\" >Na\u00efrobi\u00a0: le Ministre Guin\u00e9en de l\u2019urbanisme participe au 2\u00e8me Forum Urbain Africain<\/a>\n                            <\/h2>\n                            <div class=\"jeg_post_meta\"><span class=\"jeg_meta_author\">by <a href=\"https:\/\/www.presseinvestigation.com\/index.php\/author\/blog_table\/\">Presseinvestigation.com<\/a><\/span><span class=\"jeg_meta_date\">9 avril 2026<\/span><\/div>\n                        <\/div>\n                    <\/div>\n                <\/div><div class=\"jeg_slide_item\">\n                    \n                    <a href=\"https:\/\/www.presseinvestigation.com\/index.php\/2026\/04\/08\/legislatives-et-communales-du-24-mai-2026-la-hac-rappelle-a-la-presse-de-sabtenir-a-anticiper-la-campagne-electorale-avant-la-date-officielle\/\" aria-label=\"Read article: L\u00e9gislatives et communales du 24 mai 2026: la HAC rappelle \u00e0 la presse de s&#8217;abtenir\u00a0 \u00e0 anticiper la campagne \u00e9lectorale avant la date officielle\u00a0\u00a0\" class=\"jeg_slide_img\"><div class=\"thumbnail-container  size-500 \"><img loading=\"lazy\" decoding=\"async\" width=\"560\" height=\"500\" src=\"https:\/\/www.presseinvestigation.com\/wp-content\/themes\/jnews\/assets\/img\/jeg-empty.png\" class=\"attachment-jnews-1140x570 size-jnews-1140x570 owl-lazy lazyload\" alt=\"L\u00e9gislatives et communales du 24 mai 2026: la HAC rappelle \u00e0 la presse de s&#8217;abtenir\u00a0 \u00e0 anticiper la campagne \u00e9lectorale avant la date officielle\u00a0\u00a0\" sizes=\"(max-width: 560px) 100vw, 560px\" data-src=\"https:\/\/www.presseinvestigation.com\/wp-content\/uploads\/2026\/04\/team_presi.png\" \/><\/div><\/a>\n                    <div class=\"jeg_slide_caption\">\n                        <div class=\"jeg_caption_container\">\n                            <div class=\"jeg_post_category\">\n                                <a href=\"https:\/\/www.presseinvestigation.com\/index.php\/category\/pole-actualite-politique\/\" class=\"category-pole-actualite-politique\">P\u00f4le Actualit\u00e9-Politique<\/a>\n                            <\/div>\n                            <h2 class=\"jeg_post_title\">\n                                <a href=\"https:\/\/www.presseinvestigation.com\/index.php\/2026\/04\/08\/legislatives-et-communales-du-24-mai-2026-la-hac-rappelle-a-la-presse-de-sabtenir-a-anticiper-la-campagne-electorale-avant-la-date-officielle\/\" >L\u00e9gislatives et communales du 24 mai 2026: la HAC rappelle \u00e0 la presse de s&#8217;abtenir\u00a0 \u00e0 anticiper la campagne \u00e9lectorale avant la date officielle\u00a0\u00a0<\/a>\n                            <\/h2>\n                            <div class=\"jeg_post_meta\"><span class=\"jeg_meta_author\">by <a href=\"https:\/\/www.presseinvestigation.com\/index.php\/author\/blog_table\/\">Presseinvestigation.com<\/a><\/span><span class=\"jeg_meta_date\">8 avril 2026<\/span><\/div>\n                        <\/div>\n                    <\/div>\n                <\/div><div class=\"jeg_slide_item\">\n                    \n                    <a href=\"https:\/\/www.presseinvestigation.com\/index.php\/2026\/04\/07\/malnutrition-en-guinee-le-cnmsan-sengage-a-renforcer-ses-capacites-pour-faire-face-a-la-situation\/\" aria-label=\"Read article: Malnutrition en Guin\u00e9e: Le CNMSAN s\u2019engage \u00e0 renforcer ses capacit\u00e9s pour faire face \u00e0 la situation\" class=\"jeg_slide_img\"><div class=\"thumbnail-container  size-500 \"><img loading=\"lazy\" decoding=\"async\" width=\"1140\" height=\"570\" src=\"https:\/\/www.presseinvestigation.com\/wp-content\/themes\/jnews\/assets\/img\/jeg-empty.png\" class=\"attachment-jnews-1140x570 size-jnews-1140x570 owl-lazy lazyload\" alt=\"Malnutrition en Guin\u00e9e: Le CNMSAN s\u2019engage \u00e0 renforcer ses capacit\u00e9s pour faire face \u00e0 la situation\" sizes=\"(max-width: 1140px) 100vw, 1140px\" data-src=\"https:\/\/www.presseinvestigation.com\/wp-content\/uploads\/2026\/04\/InShot_20260407_084313163-1140x570.jpg\" \/><\/div><\/a>\n                    <div class=\"jeg_slide_caption\">\n                        <div class=\"jeg_caption_container\">\n                            <div class=\"jeg_post_category\">\n                                <a href=\"https:\/\/www.presseinvestigation.com\/index.php\/category\/nutrition\/\" class=\"category-nutrition\">Nutrition<\/a>\n                            <\/div>\n                            <h2 class=\"jeg_post_title\">\n                                <a href=\"https:\/\/www.presseinvestigation.com\/index.php\/2026\/04\/07\/malnutrition-en-guinee-le-cnmsan-sengage-a-renforcer-ses-capacites-pour-faire-face-a-la-situation\/\" >Malnutrition en Guin\u00e9e: Le CNMSAN s\u2019engage \u00e0 renforcer ses capacit\u00e9s pour faire face \u00e0 la situation<\/a>\n                            <\/h2>\n                            <div class=\"jeg_post_meta\"><span class=\"jeg_meta_author\">by <a href=\"https:\/\/www.presseinvestigation.com\/index.php\/author\/blog_table\/\">Presseinvestigation.com<\/a><\/span><span class=\"jeg_meta_date\">7 avril 2026<\/span><\/div>\n                        <\/div>\n                    <\/div>\n                <\/div>\n                    <\/div>\n                    <div class=\"jeg_slider_thumbnail_wrapper\">\n                        <div class=\"jeg_slider_thumbnail\">\n                            <div class=\"jeg_slide_thumbnail_item_wrapper\" ><div  class=\"jeg_slide_thumbnail_item format-standard\"><a href=\"https:\/\/www.presseinvestigation.com\/index.php\/2026\/04\/26\/legislatives-et-communales-du-31-mai-la-dge-fait-des-precisions-sur-les-scrutins\/\" aria-label=\"Show article: L\u00e9gislatives et communales du 31 mai\u00a0: La DGE fait des pr\u00e9cisions sur les scrutins\"><div class=\"thumbnail-container  size-715 \"><img loading=\"lazy\" decoding=\"async\" width=\"350\" height=\"250\" src=\"https:\/\/www.presseinvestigation.com\/wp-content\/themes\/jnews\/assets\/img\/jeg-empty.png\" class=\"attachment-jnews-350x250 size-jnews-350x250 owl-lazy lazyload\" alt=\"L\u00e9gislatives et communales du 31 mai\u00a0: La DGE fait des pr\u00e9cisions sur les scrutins\" sizes=\"(max-width: 350px) 100vw, 350px\" data-src=\"https:\/\/www.presseinvestigation.com\/wp-content\/uploads\/2026\/04\/Screenshot_20260426_125836_Facebook-350x250.jpg\" \/><\/div><\/a><\/div><\/div><div class=\"jeg_slide_thumbnail_item_wrapper\" ><div  class=\"jeg_slide_thumbnail_item format-standard\"><a href=\"https:\/\/www.presseinvestigation.com\/index.php\/2026\/04\/24\/delation-a-lanaim-le-dg-doit-eviter-le-piege-des-mauvaises-personnes-dans-son-entourage\/\" aria-label=\"Show article: D\u00e9lation \u00e0 l\u2019ANAIM\u00a0: le DG doit \u00e9viter le pi\u00e8ge des mauvaises personnes dans son entourage\"><div class=\"thumbnail-container  size-715 \"><img loading=\"lazy\" decoding=\"async\" width=\"350\" height=\"250\" src=\"https:\/\/www.presseinvestigation.com\/wp-content\/themes\/jnews\/assets\/img\/jeg-empty.png\" class=\"attachment-jnews-350x250 size-jnews-350x250 owl-lazy lazyload\" alt=\"D\u00e9lation \u00e0 l\u2019ANAIM\u00a0: le DG doit \u00e9viter le pi\u00e8ge des mauvaises personnes dans son entourage\" sizes=\"(max-width: 350px) 100vw, 350px\" data-src=\"https:\/\/www.presseinvestigation.com\/wp-content\/uploads\/2026\/04\/FB_IMG_1777030586544-350x250.jpg\" \/><\/div><\/a><\/div><\/div><div class=\"jeg_slide_thumbnail_item_wrapper\" ><div  class=\"jeg_slide_thumbnail_item format-standard\"><a href=\"https:\/\/www.presseinvestigation.com\/index.php\/2026\/04\/09\/communique-de-presse-un-groupe-juridique-regional-condamne-lagression-dun-de-ses-membres-par-la-police-sierra-leonaise\/\" aria-label=\"Show article: COMMUNIQU\u00c9 DE PRESSE : Un groupe juridique r\u00e9gional condamne l&#8217;agression d&#8217;un de ses membres par la police sierra-l\u00e9onaise\"><div class=\"thumbnail-container  size-715 \"><img loading=\"lazy\" decoding=\"async\" width=\"350\" height=\"250\" src=\"https:\/\/www.presseinvestigation.com\/wp-content\/themes\/jnews\/assets\/img\/jeg-empty.png\" class=\"attachment-jnews-350x250 size-jnews-350x250 owl-lazy lazyload\" alt=\"COMMUNIQU\u00c9 DE PRESSE : Un groupe juridique r\u00e9gional condamne l&#8217;agression d&#8217;un de ses membres par la police sierra-l\u00e9onaise\" sizes=\"(max-width: 350px) 100vw, 350px\" data-src=\"https:\/\/www.presseinvestigation.com\/wp-content\/uploads\/2026\/04\/unnamed-350x250.png\" \/><\/div><\/a><\/div><\/div><div class=\"jeg_slide_thumbnail_item_wrapper\" ><div  class=\"jeg_slide_thumbnail_item format-standard\"><a href=\"https:\/\/www.presseinvestigation.com\/index.php\/2026\/04\/09\/nairobi-le-ministre-guineen-de-lurbanisme-participe-au-2eme-forum-urbain-africain\/\" aria-label=\"Show article: Na\u00efrobi\u00a0: le Ministre Guin\u00e9en de l\u2019urbanisme participe au 2\u00e8me Forum Urbain Africain\"><div class=\"thumbnail-container  size-715 \"><img loading=\"lazy\" decoding=\"async\" width=\"350\" height=\"250\" src=\"https:\/\/www.presseinvestigation.com\/wp-content\/themes\/jnews\/assets\/img\/jeg-empty.png\" class=\"attachment-jnews-350x250 size-jnews-350x250 owl-lazy lazyload\" alt=\"Na\u00efrobi\u00a0: le Ministre Guin\u00e9en de l\u2019urbanisme participe au 2\u00e8me Forum Urbain Africain\" sizes=\"(max-width: 350px) 100vw, 350px\" data-src=\"https:\/\/www.presseinvestigation.com\/wp-content\/uploads\/2026\/04\/FB_IMG_1775676590584-350x250.jpg\" \/><\/div><\/a><\/div><\/div><div class=\"jeg_slide_thumbnail_item_wrapper\" ><div  class=\"jeg_slide_thumbnail_item format-standard\"><a href=\"https:\/\/www.presseinvestigation.com\/index.php\/2026\/04\/08\/legislatives-et-communales-du-24-mai-2026-la-hac-rappelle-a-la-presse-de-sabtenir-a-anticiper-la-campagne-electorale-avant-la-date-officielle\/\" aria-label=\"Show article: L\u00e9gislatives et communales du 24 mai 2026: la HAC rappelle \u00e0 la presse de s&#8217;abtenir\u00a0 \u00e0 anticiper la campagne \u00e9lectorale avant la date officielle\u00a0\u00a0\"><div class=\"thumbnail-container  size-715 \"><img loading=\"lazy\" decoding=\"async\" width=\"350\" height=\"250\" src=\"https:\/\/www.presseinvestigation.com\/wp-content\/themes\/jnews\/assets\/img\/jeg-empty.png\" class=\"attachment-jnews-350x250 size-jnews-350x250 owl-lazy lazyload\" alt=\"L\u00e9gislatives et communales du 24 mai 2026: la HAC rappelle \u00e0 la presse de s&#8217;abtenir\u00a0 \u00e0 anticiper la campagne \u00e9lectorale avant la date officielle\u00a0\u00a0\" sizes=\"(max-width: 350px) 100vw, 350px\" data-src=\"https:\/\/www.presseinvestigation.com\/wp-content\/uploads\/2026\/04\/team_presi-350x250.png\" \/><\/div><\/a><\/div><\/div><div class=\"jeg_slide_thumbnail_item_wrapper\" ><div  class=\"jeg_slide_thumbnail_item format-standard\"><a href=\"https:\/\/www.presseinvestigation.com\/index.php\/2026\/04\/07\/malnutrition-en-guinee-le-cnmsan-sengage-a-renforcer-ses-capacites-pour-faire-face-a-la-situation\/\" aria-label=\"Show article: Malnutrition en Guin\u00e9e: Le CNMSAN s\u2019engage \u00e0 renforcer ses capacit\u00e9s pour faire face \u00e0 la situation\"><div class=\"thumbnail-container  size-715 \"><img loading=\"lazy\" decoding=\"async\" width=\"350\" height=\"250\" src=\"https:\/\/www.presseinvestigation.com\/wp-content\/themes\/jnews\/assets\/img\/jeg-empty.png\" class=\"attachment-jnews-350x250 size-jnews-350x250 owl-lazy lazyload\" alt=\"Malnutrition en Guin\u00e9e: Le CNMSAN s\u2019engage \u00e0 renforcer ses capacit\u00e9s pour faire face \u00e0 la situation\" sizes=\"(max-width: 350px) 100vw, 350px\" data-src=\"https:\/\/www.presseinvestigation.com\/wp-content\/uploads\/2026\/04\/InShot_20260407_084313163-350x250.jpg\" \/><\/div><\/a><\/div><\/div>\n                        <\/div>\n                    <\/div>\n                <\/div>\t\t\t\t<\/div>\n\t\t\t\t<\/div>\n\t\t\t\t\t<\/div>\n\t\t<\/div>\n\t\t\t\t\t<\/div>\n\t\t<\/section>\n\t\t\t\t<section class=\"elementor-section elementor-top-section elementor-element elementor-element-5135262 elementor-section-boxed elementor-section-height-default elementor-section-height-default\" data-id=\"5135262\" data-element_type=\"section\" data-e-type=\"section\">\n\t\t\t\t\t\t<div class=\"elementor-container elementor-column-gap-default\">\n\t\t\t\t\t<div class=\"elementor-column elementor-col-100 elementor-top-column elementor-element elementor-element-39e9975\" data-id=\"39e9975\" data-element_type=\"column\" data-e-type=\"column\">\n\t\t\t<div class=\"elementor-widget-wrap\">\n\t\t\t\t\t\t\t<\/div>\n\t\t<\/div>\n\t\t\t\t\t<\/div>\n\t\t<\/section>\n\t\t\t\t<section class=\"elementor-section elementor-top-section elementor-element elementor-element-42421a0 elementor-section-boxed elementor-section-height-default elementor-section-height-default\" data-id=\"42421a0\" data-element_type=\"section\" data-e-type=\"section\">\n\t\t\t\t\t\t<div class=\"elementor-container elementor-column-gap-default\">\n\t\t\t\t\t<div class=\"elementor-column elementor-col-50 elementor-top-column elementor-element elementor-element-004d019\" data-id=\"004d019\" data-element_type=\"column\" data-e-type=\"column\">\n\t\t\t<div class=\"elementor-widget-wrap elementor-element-populated\">\n\t\t\t\t\t\t<div class=\"elementor-element elementor-element-94732cf elementor-widget elementor-widget-image\" data-id=\"94732cf\" data-element_type=\"widget\" data-e-type=\"widget\" data-widget_type=\"image.default\">\n\t\t\t\t<div class=\"elementor-widget-container\">\n\t\t\t\t\t\t\t\t\t\t\t\t\t\t\t<img loading=\"lazy\" decoding=\"async\" width=\"300\" height=\"198\" src=\"https:\/\/www.presseinvestigation.com\/wp-content\/uploads\/2024\/01\/WhatsApp-Image-2024-01-30-at-10.14.48-300x198.jpeg\" class=\"attachment-medium size-medium wp-image-1206\" alt=\"\" srcset=\"https:\/\/www.presseinvestigation.com\/wp-content\/uploads\/2024\/01\/WhatsApp-Image-2024-01-30-at-10.14.48-300x198.jpeg 300w, https:\/\/www.presseinvestigation.com\/wp-content\/uploads\/2024\/01\/WhatsApp-Image-2024-01-30-at-10.14.48-1024x677.jpeg 1024w, https:\/\/www.presseinvestigation.com\/wp-content\/uploads\/2024\/01\/WhatsApp-Image-2024-01-30-at-10.14.48-768x508.jpeg 768w, https:\/\/www.presseinvestigation.com\/wp-content\/uploads\/2024\/01\/WhatsApp-Image-2024-01-30-at-10.14.48-600x397.jpeg 600w, https:\/\/www.presseinvestigation.com\/wp-content\/uploads\/2024\/01\/WhatsApp-Image-2024-01-30-at-10.14.48-750x496.jpeg 750w, https:\/\/www.presseinvestigation.com\/wp-content\/uploads\/2024\/01\/WhatsApp-Image-2024-01-30-at-10.14.48.jpeg 1080w\" sizes=\"(max-width: 300px) 100vw, 300px\" \/>\t\t\t\t\t\t\t\t\t\t\t\t\t\t\t<\/div>\n\t\t\t\t<\/div>\n\t\t\t\t\t<\/div>\n\t\t<\/div>\n\t\t\t\t<div class=\"elementor-column elementor-col-50 elementor-top-column elementor-element elementor-element-521255c\" data-id=\"521255c\" data-element_type=\"column\" data-e-type=\"column\">\n\t\t\t<div class=\"elementor-widget-wrap elementor-element-populated\">\n\t\t\t\t\t\t<div class=\"elementor-element elementor-element-7f1be4d elementor-widget elementor-widget-image\" data-id=\"7f1be4d\" data-element_type=\"widget\" data-e-type=\"widget\" data-widget_type=\"image.default\">\n\t\t\t\t<div class=\"elementor-widget-container\">\n\t\t\t\t\t\t\t\t\t\t\t\t\t\t\t<img loading=\"lazy\" decoding=\"async\" width=\"300\" height=\"259\" src=\"https:\/\/www.presseinvestigation.com\/wp-content\/uploads\/2024\/01\/WhatsApp-Image-2024-01-30-at-10.14.50-300x259.jpeg\" class=\"attachment-medium size-medium wp-image-1207\" alt=\"\" srcset=\"https:\/\/www.presseinvestigation.com\/wp-content\/uploads\/2024\/01\/WhatsApp-Image-2024-01-30-at-10.14.50-300x259.jpeg 300w, https:\/\/www.presseinvestigation.com\/wp-content\/uploads\/2024\/01\/WhatsApp-Image-2024-01-30-at-10.14.50-1024x884.jpeg 1024w, https:\/\/www.presseinvestigation.com\/wp-content\/uploads\/2024\/01\/WhatsApp-Image-2024-01-30-at-10.14.50-768x663.jpeg 768w, https:\/\/www.presseinvestigation.com\/wp-content\/uploads\/2024\/01\/WhatsApp-Image-2024-01-30-at-10.14.50-600x518.jpeg 600w, https:\/\/www.presseinvestigation.com\/wp-content\/uploads\/2024\/01\/WhatsApp-Image-2024-01-30-at-10.14.50-750x647.jpeg 750w, https:\/\/www.presseinvestigation.com\/wp-content\/uploads\/2024\/01\/WhatsApp-Image-2024-01-30-at-10.14.50.jpeg 1080w\" sizes=\"(max-width: 300px) 100vw, 300px\" \/>\t\t\t\t\t\t\t\t\t\t\t\t\t\t\t<\/div>\n\t\t\t\t<\/div>\n\t\t\t\t\t<\/div>\n\t\t<\/div>\n\t\t\t\t\t<\/div>\n\t\t<\/section>\n\t\t\t\t<section class=\"elementor-section elementor-top-section elementor-element elementor-element-b5f5487 elementor-section-boxed elementor-section-height-default elementor-section-height-default\" data-id=\"b5f5487\" data-element_type=\"section\" data-e-type=\"section\">\n\t\t\t\t\t\t<div class=\"elementor-container elementor-column-gap-default\">\n\t\t\t\t\t<div class=\"elementor-column elementor-col-100 elementor-top-column elementor-element elementor-element-8a2b764\" data-id=\"8a2b764\" data-element_type=\"column\" data-e-type=\"column\">\n\t\t\t<div class=\"elementor-widget-wrap elementor-element-populated\">\n\t\t\t\t\t\t<div class=\"elementor-element elementor-element-2a7df9b elementor-widget elementor-widget-jnews_block_21_elementor\" data-id=\"2a7df9b\" data-element_type=\"widget\" data-e-type=\"widget\" data-widget_type=\"jnews_block_21_elementor.default\">\n\t\t\t\t<div class=\"elementor-widget-container\">\n\t\t\t\t\t<div  class=\"jeg_postblock_21 jeg_postblock jeg_module_hook jeg_pagination_scrollload jeg_col_3o3 jnews_module__1_69f2163f98a9a   \" data-unique=\"jnews_module__1_69f2163f98a9a\">\n\t\t\t\t\t<div class=\"jeg_block_heading jeg_block_heading_6 jeg_subcat_right\">\n                     <h3 class=\"jeg_block_title\"><span>Actualit\u00e9s <\/span><\/h3>\n                     \n                 <\/div>\n\t\t\t\t\t<div class=\"jeg_block_container\">\n                    \n                    <div class=\"jeg_posts jeg_load_more_flag\"><article class=\"jeg_post jeg_pl_sm format-standard\">\n                    <div class=\"jeg_thumb\">\n                        \n                        <a href=\"https:\/\/www.presseinvestigation.com\/index.php\/2026\/04\/26\/legislatives-et-communales-du-31-mai-la-dge-fait-des-precisions-sur-les-scrutins\/\" aria-label=\"Read article: L\u00e9gislatives et communales du 31 mai\u00a0: La DGE fait des pr\u00e9cisions sur les scrutins\"><div class=\"thumbnail-container animate-lazy  size-715 \"><img loading=\"lazy\" decoding=\"async\" width=\"120\" height=\"86\" src=\"https:\/\/www.presseinvestigation.com\/wp-content\/themes\/jnews\/assets\/img\/jeg-empty.png\" class=\"attachment-jnews-120x86 size-jnews-120x86 lazyload wp-post-image\" alt=\"L\u00e9gislatives et communales du 31 mai\u00a0: La DGE fait des pr\u00e9cisions sur les scrutins\" sizes=\"(max-width: 120px) 100vw, 120px\" data-src=\"https:\/\/www.presseinvestigation.com\/wp-content\/uploads\/2026\/04\/Screenshot_20260426_125836_Facebook-120x86.jpg\" data-srcset=\"https:\/\/www.presseinvestigation.com\/wp-content\/uploads\/2026\/04\/Screenshot_20260426_125836_Facebook-120x86.jpg 120w, https:\/\/www.presseinvestigation.com\/wp-content\/uploads\/2026\/04\/Screenshot_20260426_125836_Facebook-350x250.jpg 350w, https:\/\/www.presseinvestigation.com\/wp-content\/uploads\/2026\/04\/Screenshot_20260426_125836_Facebook-750x536.jpg 750w\" data-sizes=\"auto\" data-expand=\"700\" \/><\/div><\/a>\n                    <\/div>\n                    <div class=\"jeg_postblock_content\">\n                        <h3 class=\"jeg_post_title\">\n                            <a href=\"https:\/\/www.presseinvestigation.com\/index.php\/2026\/04\/26\/legislatives-et-communales-du-31-mai-la-dge-fait-des-precisions-sur-les-scrutins\/\">L\u00e9gislatives et communales du 31 mai\u00a0: La DGE fait des pr\u00e9cisions sur les scrutins<\/a>\n                        <\/h3>\n                        <div class=\"jeg_post_meta\"><div class=\"jeg_meta_date\"><a href=\"https:\/\/www.presseinvestigation.com\/index.php\/2026\/04\/26\/legislatives-et-communales-du-31-mai-la-dge-fait-des-precisions-sur-les-scrutins\/\" ><i class=\"fa fa-clock-o\"><\/i> 26 avril 2026<\/a><\/div><\/div>\n                    <\/div>\n                <\/article><article class=\"jeg_post jeg_pl_sm format-standard\">\n                    <div class=\"jeg_thumb\">\n                        \n                        <a href=\"https:\/\/www.presseinvestigation.com\/index.php\/2026\/04\/24\/delation-a-lanaim-le-dg-doit-eviter-le-piege-des-mauvaises-personnes-dans-son-entourage\/\" aria-label=\"Read article: D\u00e9lation \u00e0 l\u2019ANAIM\u00a0: le DG doit \u00e9viter le pi\u00e8ge des mauvaises personnes dans son entourage\"><div class=\"thumbnail-container animate-lazy  size-715 \"><img loading=\"lazy\" decoding=\"async\" width=\"120\" height=\"86\" src=\"https:\/\/www.presseinvestigation.com\/wp-content\/themes\/jnews\/assets\/img\/jeg-empty.png\" class=\"attachment-jnews-120x86 size-jnews-120x86 lazyload wp-post-image\" alt=\"D\u00e9lation \u00e0 l\u2019ANAIM\u00a0: le DG doit \u00e9viter le pi\u00e8ge des mauvaises personnes dans son entourage\" sizes=\"(max-width: 120px) 100vw, 120px\" data-src=\"https:\/\/www.presseinvestigation.com\/wp-content\/uploads\/2026\/04\/FB_IMG_1777030586544-120x86.jpg\" data-srcset=\"https:\/\/www.presseinvestigation.com\/wp-content\/uploads\/2026\/04\/FB_IMG_1777030586544-120x86.jpg 120w, https:\/\/www.presseinvestigation.com\/wp-content\/uploads\/2026\/04\/FB_IMG_1777030586544-350x250.jpg 350w, https:\/\/www.presseinvestigation.com\/wp-content\/uploads\/2026\/04\/FB_IMG_1777030586544-750x536.jpg 750w\" data-sizes=\"auto\" data-expand=\"700\" \/><\/div><\/a>\n                    <\/div>\n                    <div class=\"jeg_postblock_content\">\n                        <h3 class=\"jeg_post_title\">\n                            <a href=\"https:\/\/www.presseinvestigation.com\/index.php\/2026\/04\/24\/delation-a-lanaim-le-dg-doit-eviter-le-piege-des-mauvaises-personnes-dans-son-entourage\/\">D\u00e9lation \u00e0 l\u2019ANAIM\u00a0: le DG doit \u00e9viter le pi\u00e8ge des mauvaises personnes dans son entourage<\/a>\n                        <\/h3>\n                        <div class=\"jeg_post_meta\"><div class=\"jeg_meta_date\"><a href=\"https:\/\/www.presseinvestigation.com\/index.php\/2026\/04\/24\/delation-a-lanaim-le-dg-doit-eviter-le-piege-des-mauvaises-personnes-dans-son-entourage\/\" ><i class=\"fa fa-clock-o\"><\/i> 27 avril 2026<\/a><\/div><\/div>\n                    <\/div>\n                <\/article><article class=\"jeg_post jeg_pl_sm format-standard\">\n                    <div class=\"jeg_thumb\">\n                        \n                        <a href=\"https:\/\/www.presseinvestigation.com\/index.php\/2026\/04\/09\/communique-de-presse-un-groupe-juridique-regional-condamne-lagression-dun-de-ses-membres-par-la-police-sierra-leonaise\/\" aria-label=\"Read article: COMMUNIQU\u00c9 DE PRESSE : Un groupe juridique r\u00e9gional condamne l&#8217;agression d&#8217;un de ses membres par la police sierra-l\u00e9onaise\"><div class=\"thumbnail-container animate-lazy  size-715 \"><img loading=\"lazy\" decoding=\"async\" width=\"120\" height=\"86\" src=\"https:\/\/www.presseinvestigation.com\/wp-content\/themes\/jnews\/assets\/img\/jeg-empty.png\" class=\"attachment-jnews-120x86 size-jnews-120x86 lazyload wp-post-image\" alt=\"COMMUNIQU\u00c9 DE PRESSE : Un groupe juridique r\u00e9gional condamne l&#8217;agression d&#8217;un de ses membres par la police sierra-l\u00e9onaise\" sizes=\"(max-width: 120px) 100vw, 120px\" data-src=\"https:\/\/www.presseinvestigation.com\/wp-content\/uploads\/2026\/04\/unnamed-120x86.png\" data-srcset=\"https:\/\/www.presseinvestigation.com\/wp-content\/uploads\/2026\/04\/unnamed-120x86.png 120w, https:\/\/www.presseinvestigation.com\/wp-content\/uploads\/2026\/04\/unnamed-350x250.png 350w, https:\/\/www.presseinvestigation.com\/wp-content\/uploads\/2026\/04\/unnamed-750x536.png 750w, https:\/\/www.presseinvestigation.com\/wp-content\/uploads\/2026\/04\/unnamed-1140x815.png 1140w\" data-sizes=\"auto\" data-expand=\"700\" \/><\/div><\/a>\n                    <\/div>\n                    <div class=\"jeg_postblock_content\">\n                        <h3 class=\"jeg_post_title\">\n                            <a href=\"https:\/\/www.presseinvestigation.com\/index.php\/2026\/04\/09\/communique-de-presse-un-groupe-juridique-regional-condamne-lagression-dun-de-ses-membres-par-la-police-sierra-leonaise\/\">COMMUNIQU\u00c9 DE PRESSE : Un groupe juridique r\u00e9gional condamne l&#8217;agression d&#8217;un de ses membres par la police sierra-l\u00e9onaise<\/a>\n                        <\/h3>\n                        <div class=\"jeg_post_meta\"><div class=\"jeg_meta_date\"><a href=\"https:\/\/www.presseinvestigation.com\/index.php\/2026\/04\/09\/communique-de-presse-un-groupe-juridique-regional-condamne-lagression-dun-de-ses-membres-par-la-police-sierra-leonaise\/\" ><i class=\"fa fa-clock-o\"><\/i> 9 avril 2026<\/a><\/div><\/div>\n                    <\/div>\n                <\/article><article class=\"jeg_post jeg_pl_sm format-standard\">\n                    <div class=\"jeg_thumb\">\n                        \n                        <a href=\"https:\/\/www.presseinvestigation.com\/index.php\/2026\/04\/09\/nairobi-le-ministre-guineen-de-lurbanisme-participe-au-2eme-forum-urbain-africain\/\" aria-label=\"Read article: Na\u00efrobi\u00a0: le Ministre Guin\u00e9en de l\u2019urbanisme participe au 2\u00e8me Forum Urbain Africain\"><div class=\"thumbnail-container animate-lazy  size-715 \"><img loading=\"lazy\" decoding=\"async\" width=\"120\" height=\"86\" src=\"https:\/\/www.presseinvestigation.com\/wp-content\/themes\/jnews\/assets\/img\/jeg-empty.png\" class=\"attachment-jnews-120x86 size-jnews-120x86 lazyload wp-post-image\" alt=\"Na\u00efrobi\u00a0: le Ministre Guin\u00e9en de l\u2019urbanisme participe au 2\u00e8me Forum Urbain Africain\" sizes=\"(max-width: 120px) 100vw, 120px\" data-src=\"https:\/\/www.presseinvestigation.com\/wp-content\/uploads\/2026\/04\/FB_IMG_1775676590584-120x86.jpg\" data-srcset=\"https:\/\/www.presseinvestigation.com\/wp-content\/uploads\/2026\/04\/FB_IMG_1775676590584-120x86.jpg 120w, https:\/\/www.presseinvestigation.com\/wp-content\/uploads\/2026\/04\/FB_IMG_1775676590584-350x250.jpg 350w, https:\/\/www.presseinvestigation.com\/wp-content\/uploads\/2026\/04\/FB_IMG_1775676590584-750x536.jpg 750w\" data-sizes=\"auto\" data-expand=\"700\" \/><\/div><\/a>\n                    <\/div>\n                    <div class=\"jeg_postblock_content\">\n                        <h3 class=\"jeg_post_title\">\n                            <a href=\"https:\/\/www.presseinvestigation.com\/index.php\/2026\/04\/09\/nairobi-le-ministre-guineen-de-lurbanisme-participe-au-2eme-forum-urbain-africain\/\">Na\u00efrobi\u00a0: le Ministre Guin\u00e9en de l\u2019urbanisme participe au 2\u00e8me Forum Urbain Africain<\/a>\n                        <\/h3>\n                        <div class=\"jeg_post_meta\"><div class=\"jeg_meta_date\"><a href=\"https:\/\/www.presseinvestigation.com\/index.php\/2026\/04\/09\/nairobi-le-ministre-guineen-de-lurbanisme-participe-au-2eme-forum-urbain-africain\/\" ><i class=\"fa fa-clock-o\"><\/i> 9 avril 2026<\/a><\/div><\/div>\n                    <\/div>\n                <\/article><article class=\"jeg_post jeg_pl_sm format-standard\">\n                    <div class=\"jeg_thumb\">\n                        \n                        <a href=\"https:\/\/www.presseinvestigation.com\/index.php\/2026\/04\/08\/legislatives-et-communales-du-24-mai-2026-la-hac-rappelle-a-la-presse-de-sabtenir-a-anticiper-la-campagne-electorale-avant-la-date-officielle\/\" aria-label=\"Read article: L\u00e9gislatives et communales du 24 mai 2026: la HAC rappelle \u00e0 la presse de s&#8217;abtenir\u00a0 \u00e0 anticiper la campagne \u00e9lectorale avant la date officielle\u00a0\u00a0\"><div class=\"thumbnail-container animate-lazy  size-715 \"><img loading=\"lazy\" decoding=\"async\" width=\"120\" height=\"86\" src=\"https:\/\/www.presseinvestigation.com\/wp-content\/themes\/jnews\/assets\/img\/jeg-empty.png\" class=\"attachment-jnews-120x86 size-jnews-120x86 lazyload wp-post-image\" alt=\"L\u00e9gislatives et communales du 24 mai 2026: la HAC rappelle \u00e0 la presse de s&#8217;abtenir\u00a0 \u00e0 anticiper la campagne \u00e9lectorale avant la date officielle\u00a0\u00a0\" sizes=\"(max-width: 120px) 100vw, 120px\" data-src=\"https:\/\/www.presseinvestigation.com\/wp-content\/uploads\/2026\/04\/team_presi-120x86.png\" data-srcset=\"https:\/\/www.presseinvestigation.com\/wp-content\/uploads\/2026\/04\/team_presi-120x86.png 120w, https:\/\/www.presseinvestigation.com\/wp-content\/uploads\/2026\/04\/team_presi-350x250.png 350w\" data-sizes=\"auto\" data-expand=\"700\" \/><\/div><\/a>\n                    <\/div>\n                    <div class=\"jeg_postblock_content\">\n                        <h3 class=\"jeg_post_title\">\n                            <a href=\"https:\/\/www.presseinvestigation.com\/index.php\/2026\/04\/08\/legislatives-et-communales-du-24-mai-2026-la-hac-rappelle-a-la-presse-de-sabtenir-a-anticiper-la-campagne-electorale-avant-la-date-officielle\/\">L\u00e9gislatives et communales du 24 mai 2026: la HAC rappelle \u00e0 la presse de s&#8217;abtenir\u00a0 \u00e0 anticiper la campagne \u00e9lectorale avant la date officielle\u00a0\u00a0<\/a>\n                        <\/h3>\n                        <div class=\"jeg_post_meta\"><div class=\"jeg_meta_date\"><a href=\"https:\/\/www.presseinvestigation.com\/index.php\/2026\/04\/08\/legislatives-et-communales-du-24-mai-2026-la-hac-rappelle-a-la-presse-de-sabtenir-a-anticiper-la-campagne-electorale-avant-la-date-officielle\/\" ><i class=\"fa fa-clock-o\"><\/i> 8 avril 2026<\/a><\/div><\/div>\n                    <\/div>\n                <\/article><article class=\"jeg_post jeg_pl_sm format-standard\">\n                    <div class=\"jeg_thumb\">\n                        \n                        <a href=\"https:\/\/www.presseinvestigation.com\/index.php\/2026\/04\/07\/malnutrition-en-guinee-le-cnmsan-sengage-a-renforcer-ses-capacites-pour-faire-face-a-la-situation\/\" aria-label=\"Read article: Malnutrition en Guin\u00e9e: Le CNMSAN s\u2019engage \u00e0 renforcer ses capacit\u00e9s pour faire face \u00e0 la situation\"><div class=\"thumbnail-container animate-lazy  size-715 \"><img loading=\"lazy\" decoding=\"async\" width=\"120\" height=\"86\" src=\"https:\/\/www.presseinvestigation.com\/wp-content\/themes\/jnews\/assets\/img\/jeg-empty.png\" class=\"attachment-jnews-120x86 size-jnews-120x86 lazyload wp-post-image\" alt=\"Malnutrition en Guin\u00e9e: Le CNMSAN s\u2019engage \u00e0 renforcer ses capacit\u00e9s pour faire face \u00e0 la situation\" sizes=\"(max-width: 120px) 100vw, 120px\" data-src=\"https:\/\/www.presseinvestigation.com\/wp-content\/uploads\/2026\/04\/InShot_20260407_084313163-120x86.jpg\" data-srcset=\"https:\/\/www.presseinvestigation.com\/wp-content\/uploads\/2026\/04\/InShot_20260407_084313163-120x86.jpg 120w, https:\/\/www.presseinvestigation.com\/wp-content\/uploads\/2026\/04\/InShot_20260407_084313163-350x250.jpg 350w, https:\/\/www.presseinvestigation.com\/wp-content\/uploads\/2026\/04\/InShot_20260407_084313163-750x536.jpg 750w, https:\/\/www.presseinvestigation.com\/wp-content\/uploads\/2026\/04\/InShot_20260407_084313163-1140x815.jpg 1140w\" data-sizes=\"auto\" data-expand=\"700\" \/><\/div><\/a>\n                    <\/div>\n                    <div class=\"jeg_postblock_content\">\n                        <h3 class=\"jeg_post_title\">\n                            <a href=\"https:\/\/www.presseinvestigation.com\/index.php\/2026\/04\/07\/malnutrition-en-guinee-le-cnmsan-sengage-a-renforcer-ses-capacites-pour-faire-face-a-la-situation\/\">Malnutrition en Guin\u00e9e: Le CNMSAN s\u2019engage \u00e0 renforcer ses capacit\u00e9s pour faire face \u00e0 la situation<\/a>\n                        <\/h3>\n                        <div class=\"jeg_post_meta\"><div class=\"jeg_meta_date\"><a href=\"https:\/\/www.presseinvestigation.com\/index.php\/2026\/04\/07\/malnutrition-en-guinee-le-cnmsan-sengage-a-renforcer-ses-capacites-pour-faire-face-a-la-situation\/\" ><i class=\"fa fa-clock-o\"><\/i> 7 avril 2026<\/a><\/div><\/div>\n                    <\/div>\n                <\/article><\/div>\n                    <div class='module-overlay'>\n\t\t\t\t    <div class='preloader_type preloader_dot'>\n\t\t\t\t        <div class=\"module-preloader jeg_preloader dot\">\n\t\t\t\t            <span><\/span><span><\/span><span><\/span>\n\t\t\t\t        <\/div>\n\t\t\t\t        <div class=\"module-preloader jeg_preloader circle\">\n\t\t\t\t            <div class=\"jnews_preloader_circle_outer\">\n\t\t\t\t                <div class=\"jnews_preloader_circle_inner\"><\/div>\n\t\t\t\t            <\/div>\n\t\t\t\t        <\/div>\n\t\t\t\t        <div class=\"module-preloader jeg_preloader square\">\n\t\t\t\t            <div class=\"jeg_square\">\n\t\t\t\t                <div class=\"jeg_square_inner\"><\/div>\n\t\t\t\t            <\/div>\n\t\t\t\t        <\/div>\n\t\t\t\t    <\/div>\n\t\t\t\t<\/div>\n                <\/div>\n                <div class=\"jeg_block_navigation\">\n                    <div class='navigation_overlay'><div class='module-preloader jeg_preloader'><span><\/span><span><\/span><span><\/span><\/div><\/div>\n                    <div class=\"jeg_block_loadmore \">\n                    <a href=\"#\" class='' data-load='Load More' data-loading='Loading...'> Load More<\/a>\n                <\/div>\n                    \n                <\/div>\n\t\t\t\t\t\n\t\t\t\t\t<script>var jnews_module__1_69f2163f98a9a = {\"header_icon\":\"\",\"first_title\":\"Actualit\\u00e9s \",\"second_title\":\"\",\"url\":\"\",\"header_type\":\"heading_6\",\"header_background\":\"\",\"header_secondary_background\":\"\",\"header_text_color\":\"\",\"header_line_color\":\"\",\"header_accent_color\":\"\",\"header_filter_category\":\"\",\"header_filter_author\":\"\",\"header_filter_tag\":\"\",\"header_filter_cpt_product_brand\":\"\",\"header_filter_cpt_product_cat\":\"\",\"header_filter_cpt_product_tag\":\"\",\"header_filter_text\":\"All\",\"sticky_post\":false,\"post_type\":\"post\",\"content_type\":\"all\",\"sponsor\":false,\"number_post\":6,\"post_offset\":0,\"unique_content\":\"disable\",\"include_post\":\"\",\"included_only\":false,\"exclude_post\":\"\",\"include_category\":\"\",\"exclude_category\":\"\",\"include_author\":\"\",\"include_tag\":\"\",\"exclude_tag\":\"\",\"exclude_visited_post\":false,\"product_brand\":\"\",\"product_cat\":\"\",\"product_tag\":\"\",\"sort_by\":\"latest\",\"date_format\":\"default\",\"date_format_custom\":\"Y\\\/m\\\/d\",\"force_normal_image_load\":\"\",\"main_custom_image_size\":\"default\",\"pagination_mode\":\"scrollload\",\"pagination_nextprev_showtext\":\"\",\"pagination_number_post\":{\"unit\":\"px\",\"size\":6,\"sizes\":[]},\"pagination_scroll_limit\":0,\"boxed\":\"\",\"boxed_shadow\":\"\",\"el_id\":\"\",\"el_class\":\"\",\"scheme\":\"\",\"column_width\":\"auto\",\"title_color\":\"\",\"accent_color\":\"\",\"alt_color\":\"\",\"excerpt_color\":\"\",\"css\":\"\",\"title_typography_typography\":\"\",\"title_typography_font_family\":\"\",\"title_typography_font_size\":{\"unit\":\"px\",\"size\":\"\",\"sizes\":[]},\"title_typography_font_weight\":\"\",\"title_typography_text_transform\":\"\",\"title_typography_font_style\":\"\",\"title_typography_text_decoration\":\"\",\"title_typography_line_height\":{\"unit\":\"px\",\"size\":\"\",\"sizes\":[]},\"title_typography_letter_spacing\":{\"unit\":\"px\",\"size\":\"\",\"sizes\":[]},\"title_typography_word_spacing\":{\"unit\":\"px\",\"size\":\"\",\"sizes\":[]},\"meta_typography_typography\":\"\",\"meta_typography_font_family\":\"\",\"meta_typography_font_size\":{\"unit\":\"px\",\"size\":\"\",\"sizes\":[]},\"meta_typography_font_weight\":\"\",\"meta_typography_text_transform\":\"\",\"meta_typography_font_style\":\"\",\"meta_typography_text_decoration\":\"\",\"meta_typography_line_height\":{\"unit\":\"px\",\"size\":\"\",\"sizes\":[]},\"meta_typography_letter_spacing\":{\"unit\":\"px\",\"size\":\"\",\"sizes\":[]},\"meta_typography_word_spacing\":{\"unit\":\"px\",\"size\":\"\",\"sizes\":[]},\"_title\":\"\",\"_margin\":{\"unit\":\"px\",\"top\":\"\",\"right\":\"\",\"bottom\":\"\",\"left\":\"\",\"isLinked\":true},\"_padding\":{\"unit\":\"px\",\"top\":\"\",\"right\":\"\",\"bottom\":\"\",\"left\":\"\",\"isLinked\":true},\"_element_width\":\"\",\"_element_width_tablet\":\"\",\"_element_width_mobile\":\"\",\"_element_custom_width\":{\"unit\":\"%\",\"size\":\"\",\"sizes\":[]},\"_grid_column\":\"\",\"_grid_column_custom\":\"\",\"_grid_row\":\"\",\"_grid_row_custom\":\"\",\"_element_vertical_align\":\"\",\"_position_description\":\"\",\"_position\":\"\",\"_offset_orientation_h\":\"start\",\"_offset_x\":{\"unit\":\"px\",\"size\":0,\"sizes\":[]},\"_offset_x_end\":{\"unit\":\"px\",\"size\":0,\"sizes\":[]},\"_offset_orientation_v\":\"start\",\"_offset_y\":{\"unit\":\"px\",\"size\":0,\"sizes\":[]},\"_offset_y_end\":{\"unit\":\"px\",\"size\":0,\"sizes\":[]},\"_z_index\":\"\",\"_element_id\":\"\",\"_css_classes\":\"\",\"_element_cache\":\"\",\"_animation\":\"\",\"_animation_tablet\":\"\",\"_animation_mobile\":\"\",\"animation_duration\":\"\",\"_animation_delay\":\"\",\"_transform_rotate_popover\":\"\",\"_transform_rotateZ_effect\":{\"unit\":\"px\",\"size\":\"\",\"sizes\":[]},\"_transform_rotateZ_effect_tablet\":{\"unit\":\"deg\",\"size\":\"\",\"sizes\":[]},\"_transform_rotateZ_effect_mobile\":{\"unit\":\"deg\",\"size\":\"\",\"sizes\":[]},\"_transform_rotate_3d\":\"\",\"_transform_rotateX_effect\":{\"unit\":\"px\",\"size\":\"\",\"sizes\":[]},\"_transform_rotateX_effect_tablet\":{\"unit\":\"deg\",\"size\":\"\",\"sizes\":[]},\"_transform_rotateX_effect_mobile\":{\"unit\":\"deg\",\"size\":\"\",\"sizes\":[]},\"_transform_rotateY_effect\":{\"unit\":\"px\",\"size\":\"\",\"sizes\":[]},\"_transform_rotateY_effect_tablet\":{\"unit\":\"deg\",\"size\":\"\",\"sizes\":[]},\"_transform_rotateY_effect_mobile\":{\"unit\":\"deg\",\"size\":\"\",\"sizes\":[]},\"_transform_perspective_effect\":{\"unit\":\"px\",\"size\":\"\",\"sizes\":[]},\"_transform_perspective_effect_tablet\":{\"unit\":\"px\",\"size\":\"\",\"sizes\":[]},\"_transform_perspective_effect_mobile\":{\"unit\":\"px\",\"size\":\"\",\"sizes\":[]},\"_transform_translate_popover\":\"\",\"_transform_translateX_effect\":{\"unit\":\"px\",\"size\":\"\",\"sizes\":[]},\"_transform_translateX_effect_tablet\":{\"unit\":\"px\",\"size\":\"\",\"sizes\":[]},\"_transform_translateX_effect_mobile\":{\"unit\":\"px\",\"size\":\"\",\"sizes\":[]},\"_transform_translateY_effect\":{\"unit\":\"px\",\"size\":\"\",\"sizes\":[]},\"_transform_translateY_effect_tablet\":{\"unit\":\"px\",\"size\":\"\",\"sizes\":[]},\"_transform_translateY_effect_mobile\":{\"unit\":\"px\",\"size\":\"\",\"sizes\":[]},\"_transform_scale_popover\":\"\",\"_transform_keep_proportions\":\"yes\",\"_transform_scale_effect\":{\"unit\":\"px\",\"size\":\"\",\"sizes\":[]},\"_transform_scale_effect_tablet\":{\"unit\":\"px\",\"size\":\"\",\"sizes\":[]},\"_transform_scale_effect_mobile\":{\"unit\":\"px\",\"size\":\"\",\"sizes\":[]},\"_transform_scaleX_effect\":{\"unit\":\"px\",\"size\":\"\",\"sizes\":[]},\"_transform_scaleX_effect_tablet\":{\"unit\":\"px\",\"size\":\"\",\"sizes\":[]},\"_transform_scaleX_effect_mobile\":{\"unit\":\"px\",\"size\":\"\",\"sizes\":[]},\"_transform_scaleY_effect\":{\"unit\":\"px\",\"size\":\"\",\"sizes\":[]},\"_transform_scaleY_effect_tablet\":{\"unit\":\"px\",\"size\":\"\",\"sizes\":[]},\"_transform_scaleY_effect_mobile\":{\"unit\":\"px\",\"size\":\"\",\"sizes\":[]},\"_transform_skew_popover\":\"\",\"_transform_skewX_effect\":{\"unit\":\"px\",\"size\":\"\",\"sizes\":[]},\"_transform_skewX_effect_tablet\":{\"unit\":\"deg\",\"size\":\"\",\"sizes\":[]},\"_transform_skewX_effect_mobile\":{\"unit\":\"deg\",\"size\":\"\",\"sizes\":[]},\"_transform_skewY_effect\":{\"unit\":\"px\",\"size\":\"\",\"sizes\":[]},\"_transform_skewY_effect_tablet\":{\"unit\":\"deg\",\"size\":\"\",\"sizes\":[]},\"_transform_skewY_effect_mobile\":{\"unit\":\"deg\",\"size\":\"\",\"sizes\":[]},\"_transform_flipX_effect\":\"\",\"_transform_flipY_effect\":\"\",\"_transform_rotate_popover_hover\":\"\",\"_transform_rotateZ_effect_hover\":{\"unit\":\"px\",\"size\":\"\",\"sizes\":[]},\"_transform_rotateZ_effect_hover_tablet\":{\"unit\":\"deg\",\"size\":\"\",\"sizes\":[]},\"_transform_rotateZ_effect_hover_mobile\":{\"unit\":\"deg\",\"size\":\"\",\"sizes\":[]},\"_transform_rotate_3d_hover\":\"\",\"_transform_rotateX_effect_hover\":{\"unit\":\"px\",\"size\":\"\",\"sizes\":[]},\"_transform_rotateX_effect_hover_tablet\":{\"unit\":\"deg\",\"size\":\"\",\"sizes\":[]},\"_transform_rotateX_effect_hover_mobile\":{\"unit\":\"deg\",\"size\":\"\",\"sizes\":[]},\"_transform_rotateY_effect_hover\":{\"unit\":\"px\",\"size\":\"\",\"sizes\":[]},\"_transform_rotateY_effect_hover_tablet\":{\"unit\":\"deg\",\"size\":\"\",\"sizes\":[]},\"_transform_rotateY_effect_hover_mobile\":{\"unit\":\"deg\",\"size\":\"\",\"sizes\":[]},\"_transform_perspective_effect_hover\":{\"unit\":\"px\",\"size\":\"\",\"sizes\":[]},\"_transform_perspective_effect_hover_tablet\":{\"unit\":\"px\",\"size\":\"\",\"sizes\":[]},\"_transform_perspective_effect_hover_mobile\":{\"unit\":\"px\",\"size\":\"\",\"sizes\":[]},\"_transform_translate_popover_hover\":\"\",\"_transform_translateX_effect_hover\":{\"unit\":\"px\",\"size\":\"\",\"sizes\":[]},\"_transform_translateX_effect_hover_tablet\":{\"unit\":\"px\",\"size\":\"\",\"sizes\":[]},\"_transform_translateX_effect_hover_mobile\":{\"unit\":\"px\",\"size\":\"\",\"sizes\":[]},\"_transform_translateY_effect_hover\":{\"unit\":\"px\",\"size\":\"\",\"sizes\":[]},\"_transform_translateY_effect_hover_tablet\":{\"unit\":\"px\",\"size\":\"\",\"sizes\":[]},\"_transform_translateY_effect_hover_mobile\":{\"unit\":\"px\",\"size\":\"\",\"sizes\":[]},\"_transform_scale_popover_hover\":\"\",\"_transform_keep_proportions_hover\":\"yes\",\"_transform_scale_effect_hover\":{\"unit\":\"px\",\"size\":\"\",\"sizes\":[]},\"_transform_scale_effect_hover_tablet\":{\"unit\":\"px\",\"size\":\"\",\"sizes\":[]},\"_transform_scale_effect_hover_mobile\":{\"unit\":\"px\",\"size\":\"\",\"sizes\":[]},\"_transform_scaleX_effect_hover\":{\"unit\":\"px\",\"size\":\"\",\"sizes\":[]},\"_transform_scaleX_effect_hover_tablet\":{\"unit\":\"px\",\"size\":\"\",\"sizes\":[]},\"_transform_scaleX_effect_hover_mobile\":{\"unit\":\"px\",\"size\":\"\",\"sizes\":[]},\"_transform_scaleY_effect_hover\":{\"unit\":\"px\",\"size\":\"\",\"sizes\":[]},\"_transform_scaleY_effect_hover_tablet\":{\"unit\":\"px\",\"size\":\"\",\"sizes\":[]},\"_transform_scaleY_effect_hover_mobile\":{\"unit\":\"px\",\"size\":\"\",\"sizes\":[]},\"_transform_skew_popover_hover\":\"\",\"_transform_skewX_effect_hover\":{\"unit\":\"px\",\"size\":\"\",\"sizes\":[]},\"_transform_skewX_effect_hover_tablet\":{\"unit\":\"deg\",\"size\":\"\",\"sizes\":[]},\"_transform_skewX_effect_hover_mobile\":{\"unit\":\"deg\",\"size\":\"\",\"sizes\":[]},\"_transform_skewY_effect_hover\":{\"unit\":\"px\",\"size\":\"\",\"sizes\":[]},\"_transform_skewY_effect_hover_tablet\":{\"unit\":\"deg\",\"size\":\"\",\"sizes\":[]},\"_transform_skewY_effect_hover_mobile\":{\"unit\":\"deg\",\"size\":\"\",\"sizes\":[]},\"_transform_flipX_effect_hover\":\"\",\"_transform_flipY_effect_hover\":\"\",\"_transform_transition_hover\":{\"unit\":\"px\",\"size\":\"\",\"sizes\":[]},\"motion_fx_transform_x_anchor_point\":\"\",\"motion_fx_transform_y_anchor_point\":\"\",\"_background_background\":\"\",\"_background_gradient_notice\":\"\",\"_background_color\":\"\",\"_background_color_stop\":{\"unit\":\"%\",\"size\":0,\"sizes\":[]},\"_background_color_b\":\"#f2295b\",\"_background_color_b_stop\":{\"unit\":\"%\",\"size\":100,\"sizes\":[]},\"_background_gradient_type\":\"linear\",\"_background_gradient_angle\":{\"unit\":\"deg\",\"size\":180,\"sizes\":[]},\"_background_gradient_position\":\"center center\",\"_background_image\":{\"url\":\"\",\"id\":\"\",\"size\":\"\"},\"_background_position\":\"\",\"_background_xpos\":{\"unit\":\"px\",\"size\":0,\"sizes\":[]},\"_background_ypos\":{\"unit\":\"px\",\"size\":0,\"sizes\":[]},\"_background_attachment\":\"\",\"_background_repeat\":\"\",\"_background_size\":\"\",\"_background_bg_width\":{\"unit\":\"%\",\"size\":100,\"sizes\":[]},\"_background_video_link\":\"\",\"_background_video_start\":\"\",\"_background_video_end\":\"\",\"_background_play_once\":\"\",\"_background_play_on_mobile\":\"\",\"_background_privacy_mode\":\"\",\"_background_video_fallback\":{\"url\":\"\",\"id\":\"\",\"size\":\"\"},\"_background_slideshow_gallery\":[],\"_background_slideshow_loop\":\"yes\",\"_background_slideshow_slide_duration\":5000,\"_background_slideshow_slide_transition\":\"fade\",\"_background_slideshow_transition_duration\":500,\"_background_slideshow_background_size\":\"\",\"_background_slideshow_background_position\":\"\",\"_background_slideshow_lazyload\":\"\",\"_background_slideshow_ken_burns\":\"\",\"_background_slideshow_ken_burns_zoom_direction\":\"in\",\"_background_hover_background\":\"\",\"_background_hover_gradient_notice\":\"\",\"_background_hover_color\":\"\",\"_background_hover_color_stop\":{\"unit\":\"%\",\"size\":0,\"sizes\":[]},\"_background_hover_color_b\":\"#f2295b\",\"_background_hover_color_b_stop\":{\"unit\":\"%\",\"size\":100,\"sizes\":[]},\"_background_hover_gradient_type\":\"linear\",\"_background_hover_gradient_angle\":{\"unit\":\"deg\",\"size\":180,\"sizes\":[]},\"_background_hover_gradient_position\":\"center center\",\"_background_hover_image\":{\"url\":\"\",\"id\":\"\",\"size\":\"\"},\"_background_hover_position\":\"\",\"_background_hover_xpos\":{\"unit\":\"px\",\"size\":0,\"sizes\":[]},\"_background_hover_ypos\":{\"unit\":\"px\",\"size\":0,\"sizes\":[]},\"_background_hover_attachment\":\"\",\"_background_hover_repeat\":\"\",\"_background_hover_size\":\"\",\"_background_hover_bg_width\":{\"unit\":\"%\",\"size\":100,\"sizes\":[]},\"_background_hover_video_link\":\"\",\"_background_hover_video_start\":\"\",\"_background_hover_video_end\":\"\",\"_background_hover_play_once\":\"\",\"_background_hover_play_on_mobile\":\"\",\"_background_hover_privacy_mode\":\"\",\"_background_hover_video_fallback\":{\"url\":\"\",\"id\":\"\",\"size\":\"\"},\"_background_hover_slideshow_gallery\":[],\"_background_hover_slideshow_loop\":\"yes\",\"_background_hover_slideshow_slide_duration\":5000,\"_background_hover_slideshow_slide_transition\":\"fade\",\"_background_hover_slideshow_transition_duration\":500,\"_background_hover_slideshow_background_size\":\"\",\"_background_hover_slideshow_background_position\":\"\",\"_background_hover_slideshow_lazyload\":\"\",\"_background_hover_slideshow_ken_burns\":\"\",\"_background_hover_slideshow_ken_burns_zoom_direction\":\"in\",\"_background_hover_transition\":{\"unit\":\"px\",\"size\":\"\",\"sizes\":[]},\"_border_border\":\"\",\"_border_width\":{\"unit\":\"px\",\"top\":\"\",\"right\":\"\",\"bottom\":\"\",\"left\":\"\",\"isLinked\":true},\"_border_color\":\"\",\"_border_radius\":{\"unit\":\"px\",\"top\":\"\",\"right\":\"\",\"bottom\":\"\",\"left\":\"\",\"isLinked\":true},\"_box_shadow_box_shadow_type\":\"\",\"_box_shadow_box_shadow\":{\"horizontal\":0,\"vertical\":0,\"blur\":10,\"spread\":0,\"color\":\"rgba(0,0,0,0.5)\"},\"_box_shadow_box_shadow_position\":\" \",\"_border_hover_border\":\"\",\"_border_hover_width\":{\"unit\":\"px\",\"top\":\"\",\"right\":\"\",\"bottom\":\"\",\"left\":\"\",\"isLinked\":true},\"_border_hover_color\":\"\",\"_border_radius_hover\":{\"unit\":\"px\",\"top\":\"\",\"right\":\"\",\"bottom\":\"\",\"left\":\"\",\"isLinked\":true},\"_box_shadow_hover_box_shadow_type\":\"\",\"_box_shadow_hover_box_shadow\":{\"horizontal\":0,\"vertical\":0,\"blur\":10,\"spread\":0,\"color\":\"rgba(0,0,0,0.5)\"},\"_box_shadow_hover_box_shadow_position\":\" \",\"_border_hover_transition\":{\"unit\":\"px\",\"size\":\"\",\"sizes\":[]},\"_mask_switch\":\"\",\"_mask_shape\":\"circle\",\"_mask_image\":{\"url\":\"\",\"id\":\"\",\"size\":\"\"},\"_mask_size\":\"contain\",\"_mask_size_scale\":{\"unit\":\"%\",\"size\":100,\"sizes\":[]},\"_mask_position\":\"center center\",\"_mask_position_x\":{\"unit\":\"%\",\"size\":0,\"sizes\":[]},\"_mask_position_y\":{\"unit\":\"%\",\"size\":0,\"sizes\":[]},\"_mask_repeat\":\"no-repeat\",\"hide_desktop\":\"\",\"hide_tablet\":\"\",\"hide_mobile\":\"\",\"paged\":1,\"column_class\":\"jeg_col_3o3\",\"class\":\"jnews_block_21\"};<\/script>\n\t\t\t\t<\/div>\t\t\t\t<\/div>\n\t\t\t\t<\/div>\n\t\t\t\t\t<\/div>\n\t\t<\/div>\n\t\t\t\t\t<\/div>\n\t\t<\/section>\n\t\t\t\t<\/div>\n\t\t","protected":false},"excerpt":{"rendered":"<p>edit post P\u00f4le Actualit\u00e9-S\u00e9curit\u00e9 Minist\u00e8re de la Fonction publique\u00a0: les salaires de 182 policiers sont bloqu\u00e9s, les motifs ignor\u00e9s\u00a0! by Presseinvestigation.com19 octobre 2025 edit post publi-reportage Mamoudou KOUYATE \u00a0: Un homme au service des personnes vuln\u00e9rables, certaines de ses preuves constat\u00e9es \u00e0 la Cit\u00e9 de Solidarit\u00e9\u00a0! by Presseinvestigation.com20 octobre 2025 edit post Actualit\u00e9 Bijoux d\u00e9rob\u00e9s, [&hellip;]<\/p>\n","protected":false},"author":1,"featured_media":0,"parent":0,"menu_order":0,"comment_status":"closed","ping_status":"closed","template":"elementor_header_footer","meta":{"jnews_page_loop":{"enable_page_loop":"0","first_title":"Latest Post","second_title":"","header_type":"heading_6","header_background":"","header_text_color":"","layout":"right-sidebar","sidebar":"default-sidebar","second_sidebar":"default-sidebar","sticky_sidebar":"1","module":"3","boxed":"0","boxed_shadow":"0","box_shadow":"0","excerpt_length":"20","content_date":"default","date_custom":"Y\/m\/d","content_pagination":"nav_1","pagination_align":"center","show_navtext":"0","show_pageinfo":"0","post_offset":"0","posts_per_page":"5","include_post":"","exclude_post":"","include_category":"","exclude_category":"","include_author":"","include_tag":"","exclude_tag":"","sort_by":"latest"},"jnews_single_page":{"layout":"no-sidebar","sidebar":"default-sidebar","second_sidebar":"default-sidebar","sticky_sidebar":"1","show_post_featured":"0","show_post_meta":"0","share_position":"hide","share_color":"share-monocrhome"},"footnotes":""},"class_list":["post-208","page","type-page","status-publish","hentry"],"yoast_head":"<!-- This site is optimized with the Yoast SEO plugin v27.3 - https:\/\/yoast.com\/product\/yoast-seo-wordpress\/ -->\n<title>Presse Investigation - Informer dans l&#039;impartialit\u00e9<\/title>\n<meta name=\"description\" content=\"Presseinvestigation.com est un site guin\u00e9en, d&#039;informations g\u00e9n\u00e9rales, d&#039;analyses et de grandes enqu\u00eates sur les sujets politique, \u00e9conomique, sport, soci\u00e9t\u00e9.\" \/>\n<meta name=\"robots\" content=\"index, follow, max-snippet:-1, max-image-preview:large, max-video-preview:-1\" \/>\n<link rel=\"canonical\" href=\"https:\/\/www.presseinvestigation.com\/\" \/>\n<meta property=\"og:locale\" content=\"fr_FR\" \/>\n<meta property=\"og:type\" content=\"article\" \/>\n<meta property=\"og:title\" content=\"Presse Investigation - Informer dans l&#039;impartialit\u00e9\" \/>\n<meta property=\"og:description\" content=\"Presseinvestigation.com est un site guin\u00e9en, d&#039;informations g\u00e9n\u00e9rales, d&#039;analyses et de grandes enqu\u00eates sur les sujets politique, \u00e9conomique, sport, soci\u00e9t\u00e9.\" \/>\n<meta property=\"og:url\" content=\"https:\/\/www.presseinvestigation.com\/\" \/>\n<meta property=\"og:site_name\" content=\"Presseinvestigation\" \/>\n<meta property=\"article:modified_time\" content=\"2025-10-20T16:23:09+00:00\" \/>\n<meta property=\"og:image\" content=\"https:\/\/www.presseinvestigation.com\/wp-content\/themes\/jnews\/assets\/img\/jeg-empty.png\" \/>\n<meta name=\"twitter:card\" content=\"summary_large_image\" \/>\n<meta name=\"twitter:label1\" content=\"Dur\u00e9e de lecture estim\u00e9e\" \/>\n\t<meta name=\"twitter:data1\" content=\"7 minutes\" \/>\n<script type=\"application\/ld+json\" class=\"yoast-schema-graph\">{\"@context\":\"https:\\\/\\\/schema.org\",\"@graph\":[{\"@type\":\"WebPage\",\"@id\":\"https:\\\/\\\/www.presseinvestigation.com\\\/\",\"url\":\"https:\\\/\\\/www.presseinvestigation.com\\\/\",\"name\":\"Presse Investigation - Informer dans l&#039;impartialit\u00e9\",\"isPartOf\":{\"@id\":\"https:\\\/\\\/www.presseinvestigation.com\\\/#website\"},\"primaryImageOfPage\":{\"@id\":\"https:\\\/\\\/www.presseinvestigation.com\\\/#primaryimage\"},\"image\":{\"@id\":\"https:\\\/\\\/www.presseinvestigation.com\\\/#primaryimage\"},\"thumbnailUrl\":\"https:\\\/\\\/www.presseinvestigation.com\\\/wp-content\\\/themes\\\/jnews\\\/assets\\\/img\\\/jeg-empty.png\",\"datePublished\":\"2023-06-05T08:48:07+00:00\",\"dateModified\":\"2025-10-20T16:23:09+00:00\",\"description\":\"Presseinvestigation.com est un site guin\u00e9en, d'informations g\u00e9n\u00e9rales, d'analyses et de grandes enqu\u00eates sur les sujets politique, \u00e9conomique, sport, soci\u00e9t\u00e9.\",\"breadcrumb\":{\"@id\":\"https:\\\/\\\/www.presseinvestigation.com\\\/#breadcrumb\"},\"inLanguage\":\"fr-FR\",\"potentialAction\":[{\"@type\":\"ReadAction\",\"target\":[\"https:\\\/\\\/www.presseinvestigation.com\\\/\"]}]},{\"@type\":\"ImageObject\",\"inLanguage\":\"fr-FR\",\"@id\":\"https:\\\/\\\/www.presseinvestigation.com\\\/#primaryimage\",\"url\":\"https:\\\/\\\/www.presseinvestigation.com\\\/wp-content\\\/themes\\\/jnews\\\/assets\\\/img\\\/jeg-empty.png\",\"contentUrl\":\"https:\\\/\\\/www.presseinvestigation.com\\\/wp-content\\\/themes\\\/jnews\\\/assets\\\/img\\\/jeg-empty.png\"},{\"@type\":\"BreadcrumbList\",\"@id\":\"https:\\\/\\\/www.presseinvestigation.com\\\/#breadcrumb\",\"itemListElement\":[{\"@type\":\"ListItem\",\"position\":1,\"name\":\"Accueil\",\"item\":\"https:\\\/\\\/www.presseinvestigation.com\\\/\"},{\"@type\":\"ListItem\",\"position\":2,\"name\":\"Presse Investigation\"}]},{\"@type\":\"WebSite\",\"@id\":\"https:\\\/\\\/www.presseinvestigation.com\\\/#website\",\"url\":\"https:\\\/\\\/www.presseinvestigation.com\\\/\",\"name\":\"Presseinvestigation\",\"description\":\"Informer dans l&#039;impartialit\u00e9\",\"potentialAction\":[{\"@type\":\"SearchAction\",\"target\":{\"@type\":\"EntryPoint\",\"urlTemplate\":\"https:\\\/\\\/www.presseinvestigation.com\\\/?s={search_term_string}\"},\"query-input\":{\"@type\":\"PropertyValueSpecification\",\"valueRequired\":true,\"valueName\":\"search_term_string\"}}],\"inLanguage\":\"fr-FR\"}]}<\/script>\n<!-- \/ Yoast SEO plugin. -->","yoast_head_json":{"title":"Presse Investigation - Informer dans l&#039;impartialit\u00e9","description":"Presseinvestigation.com est un site guin\u00e9en, d'informations g\u00e9n\u00e9rales, d'analyses et de grandes enqu\u00eates sur les sujets politique, \u00e9conomique, sport, soci\u00e9t\u00e9.","robots":{"index":"index","follow":"follow","max-snippet":"max-snippet:-1","max-image-preview":"max-image-preview:large","max-video-preview":"max-video-preview:-1"},"canonical":"https:\/\/www.presseinvestigation.com\/","og_locale":"fr_FR","og_type":"article","og_title":"Presse Investigation - Informer dans l&#039;impartialit\u00e9","og_description":"Presseinvestigation.com est un site guin\u00e9en, d'informations g\u00e9n\u00e9rales, d'analyses et de grandes enqu\u00eates sur les sujets politique, \u00e9conomique, sport, soci\u00e9t\u00e9.","og_url":"https:\/\/www.presseinvestigation.com\/","og_site_name":"Presseinvestigation","article_modified_time":"2025-10-20T16:23:09+00:00","og_image":[{"url":"https:\/\/www.presseinvestigation.com\/wp-content\/themes\/jnews\/assets\/img\/jeg-empty.png","type":"","width":"","height":""}],"twitter_card":"summary_large_image","twitter_misc":{"Dur\u00e9e de lecture estim\u00e9e":"7 minutes"},"schema":{"@context":"https:\/\/schema.org","@graph":[{"@type":"WebPage","@id":"https:\/\/www.presseinvestigation.com\/","url":"https:\/\/www.presseinvestigation.com\/","name":"Presse Investigation - Informer dans l&#039;impartialit\u00e9","isPartOf":{"@id":"https:\/\/www.presseinvestigation.com\/#website"},"primaryImageOfPage":{"@id":"https:\/\/www.presseinvestigation.com\/#primaryimage"},"image":{"@id":"https:\/\/www.presseinvestigation.com\/#primaryimage"},"thumbnailUrl":"https:\/\/www.presseinvestigation.com\/wp-content\/themes\/jnews\/assets\/img\/jeg-empty.png","datePublished":"2023-06-05T08:48:07+00:00","dateModified":"2025-10-20T16:23:09+00:00","description":"Presseinvestigation.com est un site guin\u00e9en, d'informations g\u00e9n\u00e9rales, d'analyses et de grandes enqu\u00eates sur les sujets politique, \u00e9conomique, sport, soci\u00e9t\u00e9.","breadcrumb":{"@id":"https:\/\/www.presseinvestigation.com\/#breadcrumb"},"inLanguage":"fr-FR","potentialAction":[{"@type":"ReadAction","target":["https:\/\/www.presseinvestigation.com\/"]}]},{"@type":"ImageObject","inLanguage":"fr-FR","@id":"https:\/\/www.presseinvestigation.com\/#primaryimage","url":"https:\/\/www.presseinvestigation.com\/wp-content\/themes\/jnews\/assets\/img\/jeg-empty.png","contentUrl":"https:\/\/www.presseinvestigation.com\/wp-content\/themes\/jnews\/assets\/img\/jeg-empty.png"},{"@type":"BreadcrumbList","@id":"https:\/\/www.presseinvestigation.com\/#breadcrumb","itemListElement":[{"@type":"ListItem","position":1,"name":"Accueil","item":"https:\/\/www.presseinvestigation.com\/"},{"@type":"ListItem","position":2,"name":"Presse Investigation"}]},{"@type":"WebSite","@id":"https:\/\/www.presseinvestigation.com\/#website","url":"https:\/\/www.presseinvestigation.com\/","name":"Presseinvestigation","description":"Informer dans l&#039;impartialit\u00e9","potentialAction":[{"@type":"SearchAction","target":{"@type":"EntryPoint","urlTemplate":"https:\/\/www.presseinvestigation.com\/?s={search_term_string}"},"query-input":{"@type":"PropertyValueSpecification","valueRequired":true,"valueName":"search_term_string"}}],"inLanguage":"fr-FR"}]}},"_links":{"self":[{"href":"https:\/\/www.presseinvestigation.com\/index.php\/wp-json\/wp\/v2\/pages\/208","targetHints":{"allow":["GET"]}}],"collection":[{"href":"https:\/\/www.presseinvestigation.com\/index.php\/wp-json\/wp\/v2\/pages"}],"about":[{"href":"https:\/\/www.presseinvestigation.com\/index.php\/wp-json\/wp\/v2\/types\/page"}],"author":[{"embeddable":true,"href":"https:\/\/www.presseinvestigation.com\/index.php\/wp-json\/wp\/v2\/users\/1"}],"replies":[{"embeddable":true,"href":"https:\/\/www.presseinvestigation.com\/index.php\/wp-json\/wp\/v2\/comments?post=208"}],"version-history":[{"count":21,"href":"https:\/\/www.presseinvestigation.com\/index.php\/wp-json\/wp\/v2\/pages\/208\/revisions"}],"predecessor-version":[{"id":9641,"href":"https:\/\/www.presseinvestigation.com\/index.php\/wp-json\/wp\/v2\/pages\/208\/revisions\/9641"}],"wp:attachment":[{"href":"https:\/\/www.presseinvestigation.com\/index.php\/wp-json\/wp\/v2\/media?parent=208"}],"curies":[{"name":"wp","href":"https:\/\/api.w.org\/{rel}","templated":true}]}}